{"id":9,"date":"2026-07-04T18:49:24","date_gmt":"2026-07-04T21:49:24","guid":{"rendered":"https:\/\/fashionviolence.org\/?page_id=9"},"modified":"2026-08-23T23:18:08","modified_gmt":"2026-08-24T02:18:08","slug":"quienes-somos","status":"publish","type":"page","link":"https:\/\/fashionviolence.org\/en\/quienes-somos\/","title":{"rendered":"Who we are"},"content":{"rendered":"<div class=\"wp-block-group alignfull has-contrast-background-color has-text-color has-background has-link-color wp-elements-1 has-global-padding is-content-justification-center is-layout-constrained wp-container-core-group-is-layout-03d2f028 wp-block-group-is-layout-constrained\" style=\"color:#fffafbf2;margin-top:0;margin-bottom:0;padding-top:var(--wp--preset--spacing--50);padding-bottom:var(--wp--preset--spacing--50)\">\n<div class=\"wp-block-group alignwide is-layout-flow wp-block-group-is-layout-flow\">\n<div class=\"wp-block-group alignwide is-layout-flow wp-block-group-is-layout-flow\">\n<div class=\"wp-block-columns alignwide is-layout-flex wp-container-core-columns-is-layout-357d3b05 wp-block-columns-is-layout-flex\">\n<div class=\"wp-block-column is-layout-flow wp-block-column-is-layout-flow\">\n<figure class=\"wp-block-image size-full has-custom-border is-style-rounded\"><img data-recalc-dims=\"1\" loading=\"lazy\" decoding=\"async\" width=\"512\" height=\"480\" data-attachment-id=\"63\" data-permalink=\"https:\/\/fashionviolence.org\/en\/quienes-somos\/foto-sandra-niessen\/\" data-orig-file=\"https:\/\/i0.wp.com\/fashionviolence.org\/wp-content\/uploads\/2026\/07\/foto-sandra-niessen.jpeg?fit=512%2C480&amp;ssl=1\" data-orig-size=\"512,480\" data-comments-opened=\"1\" data-image-meta=\"{&quot;aperture&quot;:&quot;0&quot;,&quot;credit&quot;:&quot;&quot;,&quot;camera&quot;:&quot;&quot;,&quot;caption&quot;:&quot;&quot;,&quot;created_timestamp&quot;:&quot;0&quot;,&quot;copyright&quot;:&quot;&quot;,&quot;focal_length&quot;:&quot;0&quot;,&quot;iso&quot;:&quot;0&quot;,&quot;shutter_speed&quot;:&quot;0&quot;,&quot;title&quot;:&quot;&quot;,&quot;orientation&quot;:&quot;1&quot;,&quot;alt&quot;:&quot;&quot;}\" data-image-title=\"foto Sandra Niessen\" data-image-description=\"\" data-image-caption=\"\" data-large-file=\"https:\/\/i0.wp.com\/fashionviolence.org\/wp-content\/uploads\/2026\/07\/foto-sandra-niessen.jpeg?fit=512%2C480&amp;ssl=1\" src=\"https:\/\/i0.wp.com\/fashionviolence.org\/wp-content\/uploads\/2026\/07\/foto-sandra-niessen.jpeg?resize=512%2C480&#038;ssl=1\" alt=\"\" class=\"has-border-color has-base-border-color wp-image-63\" style=\"border-width:2px;aspect-ratio:4\/3;object-fit:cover\"\/><\/figure>\n\n\n\n<h1 class=\"wp-block-heading has-text-align-center ai-ignore has-large-font-size\">Sandra Niessen<\/h1>\n<\/div>\n\n\n\n<div class=\"wp-block-column is-layout-flow wp-block-column-is-layout-flow\">\n<figure class=\"wp-block-image size-full has-custom-border\"><img data-recalc-dims=\"1\" loading=\"lazy\" decoding=\"async\" width=\"1047\" height=\"993\" data-attachment-id=\"246\" data-permalink=\"https:\/\/fashionviolence.org\/en\/quienes-somos\/ks-picx-2\/\" data-orig-file=\"https:\/\/i0.wp.com\/fashionviolence.org\/wp-content\/uploads\/2026\/08\/KS-picx-1-e1786057635930.png?fit=1047%2C993&amp;ssl=1\" data-orig-size=\"1047,993\" data-comments-opened=\"1\" data-image-meta=\"{&quot;aperture&quot;:&quot;0&quot;,&quot;credit&quot;:&quot;&quot;,&quot;camera&quot;:&quot;&quot;,&quot;caption&quot;:&quot;&quot;,&quot;created_timestamp&quot;:&quot;0&quot;,&quot;copyright&quot;:&quot;&quot;,&quot;focal_length&quot;:&quot;0&quot;,&quot;iso&quot;:&quot;0&quot;,&quot;shutter_speed&quot;:&quot;0&quot;,&quot;title&quot;:&quot;&quot;,&quot;orientation&quot;:&quot;0&quot;,&quot;alt&quot;:&quot;&quot;}\" data-image-title=\"KS picx\" data-image-description=\"\" data-image-caption=\"\" data-large-file=\"https:\/\/i0.wp.com\/fashionviolence.org\/wp-content\/uploads\/2026\/08\/KS-picx-1-e1786057635930.png?fit=1024%2C971&amp;ssl=1\" src=\"https:\/\/i0.wp.com\/fashionviolence.org\/wp-content\/uploads\/2026\/08\/KS-picx-1-e1786057635930.png?resize=1047%2C993&#038;ssl=1\" alt=\"\" class=\"has-border-color has-base-border-color wp-image-246\" style=\"border-width:1px;aspect-ratio:4\/3;object-fit:cover\" srcset=\"https:\/\/i0.wp.com\/fashionviolence.org\/wp-content\/uploads\/2026\/08\/KS-picx-1-e1786057635930.png?w=1047&amp;ssl=1 1047w, https:\/\/i0.wp.com\/fashionviolence.org\/wp-content\/uploads\/2026\/08\/KS-picx-1-e1786057635930.png?resize=300%2C285&amp;ssl=1 300w, https:\/\/i0.wp.com\/fashionviolence.org\/wp-content\/uploads\/2026\/08\/KS-picx-1-e1786057635930.png?resize=1024%2C971&amp;ssl=1 1024w, https:\/\/i0.wp.com\/fashionviolence.org\/wp-content\/uploads\/2026\/08\/KS-picx-1-e1786057635930.png?resize=768%2C728&amp;ssl=1 768w, https:\/\/i0.wp.com\/fashionviolence.org\/wp-content\/uploads\/2026\/08\/KS-picx-1-e1786057635930.png?resize=13%2C12&amp;ssl=1 13w\" sizes=\"auto, (max-width: 1000px) 100vw, 1000px\" \/><\/figure>\n\n\n\n<h2 class=\"wp-block-heading has-text-align-center ai-ignore has-large-font-size\">Kirsten Scott<\/h2>\n<\/div>\n\n\n\n<div class=\"wp-block-column is-layout-flow wp-block-column-is-layout-flow\">\n<figure class=\"wp-block-image size-full has-custom-border is-style-rounded\"><img data-recalc-dims=\"1\" loading=\"lazy\" decoding=\"async\" width=\"1165\" height=\"1100\" data-attachment-id=\"115\" data-permalink=\"https:\/\/fashionviolence.org\/en\/quienes-somos\/whatsapp-image-2026-07-05-at-11-10-31-2\/\" data-orig-file=\"https:\/\/i0.wp.com\/fashionviolence.org\/wp-content\/uploads\/2026\/07\/WhatsApp-Image-2026-07-05-at-11.10.31-e1783269024497.jpeg?fit=1165%2C1100&amp;ssl=1\" data-orig-size=\"1165,1100\" data-comments-opened=\"1\" data-image-meta=\"{&quot;aperture&quot;:&quot;0&quot;,&quot;credit&quot;:&quot;&quot;,&quot;camera&quot;:&quot;&quot;,&quot;caption&quot;:&quot;&quot;,&quot;created_timestamp&quot;:&quot;0&quot;,&quot;copyright&quot;:&quot;&quot;,&quot;focal_length&quot;:&quot;0&quot;,&quot;iso&quot;:&quot;0&quot;,&quot;shutter_speed&quot;:&quot;0&quot;,&quot;title&quot;:&quot;&quot;,&quot;orientation&quot;:&quot;0&quot;,&quot;alt&quot;:&quot;&quot;}\" data-image-title=\"WhatsApp Image 2026-07-05 at 11.10.31\" data-image-description=\"\" data-image-caption=\"\" data-large-file=\"https:\/\/i0.wp.com\/fashionviolence.org\/wp-content\/uploads\/2026\/07\/WhatsApp-Image-2026-07-05-at-11.10.31-e1783269024497.jpeg?fit=1024%2C967&amp;ssl=1\" src=\"https:\/\/i0.wp.com\/fashionviolence.org\/wp-content\/uploads\/2026\/07\/WhatsApp-Image-2026-07-05-at-11.10.31-e1783269024497.jpeg?resize=1165%2C1100&#038;ssl=1\" alt=\"\" class=\"has-border-color has-base-border-color wp-image-115\" style=\"border-width:2px;aspect-ratio:4\/3;object-fit:cover\" srcset=\"https:\/\/i0.wp.com\/fashionviolence.org\/wp-content\/uploads\/2026\/07\/WhatsApp-Image-2026-07-05-at-11.10.31-e1783269024497.jpeg?w=1165&amp;ssl=1 1165w, https:\/\/i0.wp.com\/fashionviolence.org\/wp-content\/uploads\/2026\/07\/WhatsApp-Image-2026-07-05-at-11.10.31-e1783269024497.jpeg?resize=300%2C283&amp;ssl=1 300w, https:\/\/i0.wp.com\/fashionviolence.org\/wp-content\/uploads\/2026\/07\/WhatsApp-Image-2026-07-05-at-11.10.31-e1783269024497.jpeg?resize=768%2C725&amp;ssl=1 768w, https:\/\/i0.wp.com\/fashionviolence.org\/wp-content\/uploads\/2026\/07\/WhatsApp-Image-2026-07-05-at-11.10.31-e1783269024497.jpeg?resize=1024%2C967&amp;ssl=1 1024w\" sizes=\"auto, (max-width: 1000px) 100vw, 1000px\" \/><\/figure>\n\n\n\n<h3 class=\"wp-block-heading has-text-align-center ai-ignore has-large-font-size\">Miguel Angel Gardetti<\/h3>\n<\/div>\n<\/div>\n<\/div>\n<\/div>\n<\/div>\n\n\n\n<div class=\"wp-block-media-text alignwide is-stacked-on-mobile\" style=\"border-style:none;border-width:0px;border-top-left-radius:0px;border-top-right-radius:0px;border-bottom-left-radius:0px;border-bottom-right-radius:0px;margin-top:0;margin-bottom:0;padding-top:0;padding-right:0;padding-bottom:0;padding-left:0;font-style:normal;font-weight:500;grid-template-columns:26% auto\"><figure class=\"wp-block-media-text__media\"><img data-recalc-dims=\"1\" loading=\"lazy\" decoding=\"async\" width=\"512\" height=\"480\" data-attachment-id=\"63\" data-permalink=\"https:\/\/fashionviolence.org\/en\/quienes-somos\/foto-sandra-niessen\/\" data-orig-file=\"https:\/\/i0.wp.com\/fashionviolence.org\/wp-content\/uploads\/2026\/07\/foto-sandra-niessen.jpeg?fit=512%2C480&amp;ssl=1\" data-orig-size=\"512,480\" data-comments-opened=\"1\" data-image-meta=\"{&quot;aperture&quot;:&quot;0&quot;,&quot;credit&quot;:&quot;&quot;,&quot;camera&quot;:&quot;&quot;,&quot;caption&quot;:&quot;&quot;,&quot;created_timestamp&quot;:&quot;0&quot;,&quot;copyright&quot;:&quot;&quot;,&quot;focal_length&quot;:&quot;0&quot;,&quot;iso&quot;:&quot;0&quot;,&quot;shutter_speed&quot;:&quot;0&quot;,&quot;title&quot;:&quot;&quot;,&quot;orientation&quot;:&quot;1&quot;,&quot;alt&quot;:&quot;&quot;}\" data-image-title=\"foto Sandra Niessen\" data-image-description=\"\" data-image-caption=\"\" data-large-file=\"https:\/\/i0.wp.com\/fashionviolence.org\/wp-content\/uploads\/2026\/07\/foto-sandra-niessen.jpeg?fit=512%2C480&amp;ssl=1\" src=\"https:\/\/i0.wp.com\/fashionviolence.org\/wp-content\/uploads\/2026\/07\/foto-sandra-niessen.jpeg?resize=512%2C480&#038;ssl=1\" alt=\"\" class=\"wp-image-63 size-medium\"\/><\/figure><div class=\"wp-block-media-text__content\">\n<h2 class=\"wp-block-heading has-text-align-left alignwide has-tertiary-color has-text-color has-large-font-size\" style=\"margin-top:var(--wp--preset--spacing--50);margin-bottom:var(--wp--preset--spacing--30)\">Sandra Niessen<\/h2>\n\n\n\n<p class=\"has-contrast-color has-text-color has-space-mono-font-family wp-block-paragraph\" style=\"margin-top:0;margin-right:0;margin-bottom:0;margin-left:0\">PhD Leiden University, Netherlands (1985), she is a prominent scholar specializing in the clothing and textile traditions of the Batak people of North Sumatra, Indonesia\u2014a subject on which she has authored four books and numerous articles, as well as produced two films. She taught at the University of Alberta for 15 years and has worked with numerous museums worldwide, conducting research, developing exhibitions, and documenting collections. A founding member of the Research Collective for Decoloniality and Fashion and Fashion Act Now, she is currently an activist working to dismantle the fashion industry. <\/p>\n<\/div><\/div>\n\n\n\n<div class=\"wp-block-media-text alignwide is-stacked-on-mobile\" style=\"border-style:none;border-width:0px;border-top-left-radius:0px;border-top-right-radius:0px;border-bottom-left-radius:0px;border-bottom-right-radius:0px;margin-top:0;margin-right:0px;margin-bottom:0;margin-left:0px;padding-top:0;font-style:normal;font-weight:500;grid-template-columns:26% auto\"><figure class=\"wp-block-media-text__media\"><img data-recalc-dims=\"1\" loading=\"lazy\" decoding=\"async\" width=\"1024\" height=\"971\" data-attachment-id=\"246\" data-permalink=\"https:\/\/fashionviolence.org\/en\/quienes-somos\/ks-picx-2\/\" data-orig-file=\"https:\/\/i0.wp.com\/fashionviolence.org\/wp-content\/uploads\/2026\/08\/KS-picx-1-e1786057635930.png?fit=1047%2C993&amp;ssl=1\" data-orig-size=\"1047,993\" data-comments-opened=\"1\" data-image-meta=\"{&quot;aperture&quot;:&quot;0&quot;,&quot;credit&quot;:&quot;&quot;,&quot;camera&quot;:&quot;&quot;,&quot;caption&quot;:&quot;&quot;,&quot;created_timestamp&quot;:&quot;0&quot;,&quot;copyright&quot;:&quot;&quot;,&quot;focal_length&quot;:&quot;0&quot;,&quot;iso&quot;:&quot;0&quot;,&quot;shutter_speed&quot;:&quot;0&quot;,&quot;title&quot;:&quot;&quot;,&quot;orientation&quot;:&quot;0&quot;,&quot;alt&quot;:&quot;&quot;}\" data-image-title=\"KS picx\" data-image-description=\"\" data-image-caption=\"\" data-large-file=\"https:\/\/i0.wp.com\/fashionviolence.org\/wp-content\/uploads\/2026\/08\/KS-picx-1-e1786057635930.png?fit=1024%2C971&amp;ssl=1\" src=\"https:\/\/i0.wp.com\/fashionviolence.org\/wp-content\/uploads\/2026\/08\/KS-picx-1-e1786057635930-1024x971.png?resize=1024%2C971&#038;ssl=1\" alt=\"\" class=\"wp-image-246 size-medium\" srcset=\"https:\/\/i0.wp.com\/fashionviolence.org\/wp-content\/uploads\/2026\/08\/KS-picx-1-e1786057635930.png?resize=1024%2C971&amp;ssl=1 1024w, https:\/\/i0.wp.com\/fashionviolence.org\/wp-content\/uploads\/2026\/08\/KS-picx-1-e1786057635930.png?resize=300%2C285&amp;ssl=1 300w, https:\/\/i0.wp.com\/fashionviolence.org\/wp-content\/uploads\/2026\/08\/KS-picx-1-e1786057635930.png?resize=768%2C728&amp;ssl=1 768w, https:\/\/i0.wp.com\/fashionviolence.org\/wp-content\/uploads\/2026\/08\/KS-picx-1-e1786057635930.png?resize=13%2C12&amp;ssl=1 13w, https:\/\/i0.wp.com\/fashionviolence.org\/wp-content\/uploads\/2026\/08\/KS-picx-1-e1786057635930.png?w=1047&amp;ssl=1 1047w\" sizes=\"auto, (max-width: 1000px) 100vw, 1000px\" \/><\/figure><div class=\"wp-block-media-text__content\">\n<h2 class=\"wp-block-heading has-text-align-left has-tertiary-color has-text-color has-large-font-size\" style=\"border-style:none;border-width:0px;margin-top:var(--wp--preset--spacing--50);margin-right:0;margin-bottom:0;margin-left:0\">Kirsten Scott<\/h2>\n\n\n\n<p class=\"has-contrast-color has-text-color has-space-mono-font-family wp-block-paragraph\" style=\"border-style:none;border-width:0px\">Dr. Kirsten Scott is Head of Research at the Istituto Marangoni London. Her research explores traditional ecological knowledge\u2014both local and global\u2014related to fashion and textiles as fundamental to reimagining sustainable clothing systems in the post-growth era.<\/p>\n\n\n\n<p class=\"has-contrast-color has-text-color has-space-mono-font-family wp-block-paragraph\" style=\"border-style:none;border-width:0px\">She is the founder of the Barkcloth Research Network, a multidisciplinary research group comprising artists, environmentalists, farmers, scientists, and designers from the United Kingdom, the United States, and Uganda. Her PhD in Constructed Textiles (RCA) focused on the potential of local Ugandan natural fibers for sustainable product development and the co-creation of income-generating opportunities and training activities for women in a remote region of the country.<\/p>\n<\/div><\/div>\n\n\n\n<div class=\"wp-block-media-text alignwide is-stacked-on-mobile\" style=\"border-style:none;border-width:0px;border-top-left-radius:0px;border-top-right-radius:0px;border-bottom-left-radius:0px;border-bottom-right-radius:0px;font-style:normal;font-weight:500;grid-template-columns:26% auto\"><figure class=\"wp-block-media-text__media\"><img data-recalc-dims=\"1\" loading=\"lazy\" decoding=\"async\" width=\"1549\" height=\"1600\" data-attachment-id=\"66\" data-permalink=\"https:\/\/fashionviolence.org\/en\/quienes-somos\/whatsapp-image-2026-07-05-at-11-10-31\/\" data-orig-file=\"https:\/\/i0.wp.com\/fashionviolence.org\/wp-content\/uploads\/2026\/07\/whatsapp-image-2026-07-05-at-11.10.31.jpeg?fit=1549%2C1600&amp;ssl=1\" data-orig-size=\"1549,1600\" data-comments-opened=\"1\" data-image-meta=\"{&quot;aperture&quot;:&quot;0&quot;,&quot;credit&quot;:&quot;&quot;,&quot;camera&quot;:&quot;&quot;,&quot;caption&quot;:&quot;&quot;,&quot;created_timestamp&quot;:&quot;0&quot;,&quot;copyright&quot;:&quot;&quot;,&quot;focal_length&quot;:&quot;0&quot;,&quot;iso&quot;:&quot;0&quot;,&quot;shutter_speed&quot;:&quot;0&quot;,&quot;title&quot;:&quot;&quot;,&quot;orientation&quot;:&quot;0&quot;,&quot;alt&quot;:&quot;&quot;}\" data-image-title=\"WhatsApp Image 2026-07-05 at 11.10.31\" data-image-description=\"\" data-image-caption=\"\" data-large-file=\"https:\/\/i0.wp.com\/fashionviolence.org\/wp-content\/uploads\/2026\/07\/whatsapp-image-2026-07-05-at-11.10.31.jpeg?fit=991%2C1024&amp;ssl=1\" src=\"https:\/\/i0.wp.com\/fashionviolence.org\/wp-content\/uploads\/2026\/07\/whatsapp-image-2026-07-05-at-11.10.31.jpeg?resize=1549%2C1600&#038;ssl=1\" alt=\"\" class=\"wp-image-66 size-medium\"\/><\/figure><div class=\"wp-block-media-text__content\">\n<h2 class=\"wp-block-heading has-text-align-left has-tertiary-color has-text-color has-large-font-size\"><strong>Miguel \u00c1ngel Gardetti<\/strong><\/h2>\n\n\n\n<p class=\"has-contrast-color has-text-color has-space-mono-font-family wp-block-paragraph\" style=\"margin-top:0;margin-right:var(--wp--preset--spacing--30);margin-bottom:0;margin-left:var(--wp--preset--spacing--30)\">PhD and Master\u2019s degree in Business Administration from IAE Business School (Universidad Austral, Argentina) and a Master\u2019s degree in Environmental Studies and Sustainable Development from the Universidad de Ciencias Empresariales y Sociales (Argentina). In 2008, he founded the Sustainable Textile Center (Centro Textil Sustentable). He is a guest co-editor and author of various publications, including both academic journals and books (USA, UK). He has taught at several Latin American universities, training both faculty and students. In the field of decoloniality as it relates to fashion and design, he is a member of the Research Collective on Decoloniality &amp; Fashion. Within that collective, he formalized the ABYA YALA Coalition (Abya-Yala.earth) and also founded the publishing imprint Otra-Otro (otra-otro.org).<\/p>\n<\/div><\/div>\n\n\n\n<footer class=\"wp-block-group alignfull is-style-section-3 has-global-padding is-content-justification-center is-layout-constrained wp-container-core-group-is-layout-157d9c75 wp-block-group-is-layout-constrained\" style=\"margin-top:0;margin-bottom:0;padding-top:var(--wp--preset--spacing--60);padding-bottom:var(--wp--preset--spacing--60)\">\n<div class=\"wp-block-columns alignwide is-layout-flex wp-container-core-columns-is-layout-9c8f291e wp-block-columns-is-layout-flex\">\n<div class=\"wp-block-column is-layout-flow wp-container-core-column-is-layout-8a368f38 wp-block-column-is-layout-flow\"><h1 class=\"wp-block-site-title\">Fashion Violence | Violencia de la moda<\/h1>\n\n\n<div style=\"height:var(--wp--preset--spacing--20)\" aria-hidden=\"true\" class=\"wp-block-spacer\"><\/div>\n\n\n\n<p class=\"is-footer-phone-email ai-bind-phone-email has-contrast-background-color has-text-color has-background has-link-color wp-elements-2 wp-block-paragraph\" style=\"color:#f6f4f4e8\">Info@fashionviolence.org<\/p>\n<\/div>\n<\/div>\n<\/footer>","protected":false},"excerpt":{"rendered":"<p>Sandra Niessen Kirsten Scott Miguel Angel Gardetti Sandra Niessen PhD Universidad de Leiden, Pa\u00edses Bajos, (1985) es una destacada acad\u00e9mica especializada en las tradiciones de vestimenta y textiles del pueblo batak del norte de Sumatra, Indonesia, sobre quienes ha escrito cuatro libros y numerosos art\u00edculos, y ha producido 2 pel\u00edculas. Ense\u00f1\u00f3 durante 15 a\u00f1os en [&hellip;]<\/p>\n","protected":false},"author":274319339,"featured_media":0,"parent":0,"menu_order":0,"comment_status":"closed","ping_status":"closed","template":"","meta":{"advanced_seo_description":"","jetpack_seo_html_title":"","jetpack_seo_noindex":false,"jetpack_seo_schema_type":"","_wp_convertkit_post_meta":{"form":"-1","landing_page":"0","tag":"0","restrict_content":"0"},"_wpcom_ai_launchpad_about_page":false,"_wpcom_ai_launchpad_gallery_page":false,"_wpcom_ai_launchpad_contact_page":false,"_wpcom_ai_launchpad_events_page":false,"_wpcom_ai_launchpad_video_page":false,"_wpcom_ai_launchpad_portfolio_piece":false,"footnotes":""},"class_list":["post-9","page","type-page","status-publish","hentry"],"jetpack_likes_enabled":true,"jetpack_sharing_enabled":true,"jetpack_shortlink":"https:\/\/wp.me\/PhiNBu-9","jetpack-related-posts":[],"_links":{"self":[{"href":"https:\/\/fashionviolence.org\/en\/wp-json\/wp\/v2\/pages\/9","targetHints":{"allow":["GET"]}}],"collection":[{"href":"https:\/\/fashionviolence.org\/en\/wp-json\/wp\/v2\/pages"}],"about":[{"href":"https:\/\/fashionviolence.org\/en\/wp-json\/wp\/v2\/types\/page"}],"author":[{"embeddable":true,"href":"https:\/\/fashionviolence.org\/en\/wp-json\/wp\/v2\/users\/274319339"}],"replies":[{"embeddable":true,"href":"https:\/\/fashionviolence.org\/en\/wp-json\/wp\/v2\/comments?post=9"}],"version-history":[{"count":22,"href":"https:\/\/fashionviolence.org\/en\/wp-json\/wp\/v2\/pages\/9\/revisions"}],"predecessor-version":[{"id":260,"href":"https:\/\/fashionviolence.org\/en\/wp-json\/wp\/v2\/pages\/9\/revisions\/260"}],"wp:attachment":[{"href":"https:\/\/fashionviolence.org\/en\/wp-json\/wp\/v2\/media?parent=9"}],"curies":[{"name":"wp","href":"https:\/\/api.w.org\/{rel}","templated":true}]}}